{"id":143,"date":"2020-01-22T23:19:22","date_gmt":"2020-01-22T23:19:22","guid":{"rendered":"http:\/\/janeotiniano.com\/?page_id=143"},"modified":"2020-02-12T16:35:54","modified_gmt":"2020-02-12T16:35:54","slug":"vivienda-ruiz","status":"publish","type":"page","link":"https:\/\/janeoti.com\/?page_id=143","title":{"rendered":"Vivienda Ruiz"},"content":{"rendered":"\n<p class=\"has-medium-font-size\"><strong>Dise\u00f1o arquitect\u00f3nico de vivienda Ruiz, Las Dunas, Lambayeque, Per\u00fa<\/strong><\/p>\n\n\n\n<div class=\"wp-block-media-text alignwide\"><figure class=\"wp-block-media-text__media\"><img decoding=\"async\" src=\"http:\/\/janeotiniano.com\/wp-content\/uploads\/2020\/01\/15.jpg\" alt=\"\" class=\"wp-image-35\"\/><\/figure><div class=\"wp-block-media-text__content\">\n<p class=\"has-medium-font-size\"><strong>FICHA T\u00c9CNICA<\/strong><\/p>\n\n\n\n<p><strong>Dise\u00f1o arquitect\u00f3nico:<\/strong> Jane Otiniano<\/p>\n\n\n\n<p><strong>A\u00f1o:<\/strong> 2019<\/p>\n\n\n\n<p><strong>\u00c1rea:<\/strong> 108 m2<\/p>\n\n\n\n<p><strong>Cliente: <\/strong>Familia Ruiz<\/p>\n<\/div><\/div>\n\n\n\n<figure class=\"wp-block-image size-large\"><img decoding=\"async\" src=\"http:\/\/janeotiniano.com\/wp-content\/uploads\/2020\/01\/19-1024x1024.jpg\" alt=\"\" class=\"wp-image-45\"\/><\/figure>\n\n\n\n<p class=\"has-medium-font-size\"><strong><em>Descripci\u00f3n del proyecto<\/em><\/strong><\/p>\n\n\n\n<p class=\"has-medium-font-size\"><strong><em>Relaci\u00f3n de ambientes<\/em><\/strong><\/p>\n\n\n\n<p><strong>Primer piso<\/strong>, <strong>departamento 1<\/strong><\/p>\n\n\n\n<ul class=\"wp-block-list\"><li>1\/2 SS.HH.<\/li><li>Sala comedor<\/li><li>Cocina<\/li><li>Lavander\u00eda<\/li><li>Dormitorio <\/li><li>Dormitorio con SS.HH. <\/li><li>Patio posterior.<\/li><\/ul>\n\n\n\n<p><strong>Segundo piso<\/strong>, <strong>mini departamento 2 + dormitorios independientes<\/strong><\/p>\n\n\n\n<ul class=\"wp-block-list\"><li>Sala comedor<\/li><li>Cocina<\/li><li>SS.HH.<\/li><li>Dormitorio 1<\/li><li>Lavander\u00eda general.<\/li><li>Dormitorio independiente 1 + SS.HH. <\/li><li> Dormitorio independiente 2 + SS.HH.  <\/li><\/ul>\n\n\n\n<p class=\"has-medium-font-size\"><strong><em>Galer\u00eda de im\u00e1genes<\/em><\/strong><\/p>\n\n\n\n<figure class=\"wp-block-gallery columns-3 is-cropped wp-block-gallery-1 is-layout-flex wp-block-gallery-is-layout-flex\"><ul class=\"blocks-gallery-grid\"><li class=\"blocks-gallery-item\"><figure><a href=\"http:\/\/janeotiniano.com\/?attachment_id=144\"><img loading=\"lazy\" decoding=\"async\" width=\"1024\" height=\"1024\" src=\"http:\/\/janeotiniano.com\/wp-content\/uploads\/2020\/01\/20-1024x1024.jpg\" alt=\"\" data-id=\"144\" data-link=\"http:\/\/janeotiniano.com\/?attachment_id=144\" class=\"wp-image-144\" srcset=\"https:\/\/janeoti.com\/wp-content\/uploads\/2020\/01\/20-1024x1024.jpg 1024w, https:\/\/janeoti.com\/wp-content\/uploads\/2020\/01\/20-300x300.jpg 300w, https:\/\/janeoti.com\/wp-content\/uploads\/2020\/01\/20-150x150.jpg 150w, https:\/\/janeoti.com\/wp-content\/uploads\/2020\/01\/20-768x768.jpg 768w, https:\/\/janeoti.com\/wp-content\/uploads\/2020\/01\/20-70x70.jpg 70w, https:\/\/janeoti.com\/wp-content\/uploads\/2020\/01\/20-127x127.jpg 127w, https:\/\/janeoti.com\/wp-content\/uploads\/2020\/01\/20-476x476.jpg 476w, https:\/\/janeoti.com\/wp-content\/uploads\/2020\/01\/20-125x125.jpg 125w, https:\/\/janeoti.com\/wp-content\/uploads\/2020\/01\/20.jpg 1080w\" sizes=\"auto, (max-width: 1024px) 100vw, 1024px\" \/><\/a><\/figure><\/li><li class=\"blocks-gallery-item\"><figure><a href=\"http:\/\/janeotiniano.com\/?attachment_id=145\"><img loading=\"lazy\" decoding=\"async\" width=\"1024\" height=\"1024\" src=\"http:\/\/janeotiniano.com\/wp-content\/uploads\/2020\/01\/21-1024x1024.jpg\" alt=\"\" data-id=\"145\" data-link=\"http:\/\/janeotiniano.com\/?attachment_id=145\" class=\"wp-image-145\" srcset=\"https:\/\/janeoti.com\/wp-content\/uploads\/2020\/01\/21-1024x1024.jpg 1024w, https:\/\/janeoti.com\/wp-content\/uploads\/2020\/01\/21-300x300.jpg 300w, https:\/\/janeoti.com\/wp-content\/uploads\/2020\/01\/21-150x150.jpg 150w, https:\/\/janeoti.com\/wp-content\/uploads\/2020\/01\/21-768x768.jpg 768w, https:\/\/janeoti.com\/wp-content\/uploads\/2020\/01\/21-70x70.jpg 70w, https:\/\/janeoti.com\/wp-content\/uploads\/2020\/01\/21-127x127.jpg 127w, https:\/\/janeoti.com\/wp-content\/uploads\/2020\/01\/21-476x476.jpg 476w, https:\/\/janeoti.com\/wp-content\/uploads\/2020\/01\/21-125x125.jpg 125w, https:\/\/janeoti.com\/wp-content\/uploads\/2020\/01\/21.jpg 1080w\" sizes=\"auto, (max-width: 1024px) 100vw, 1024px\" \/><\/a><\/figure><\/li><li class=\"blocks-gallery-item\"><figure><a href=\"http:\/\/janeotiniano.com\/19\/\"><img decoding=\"async\" src=\"http:\/\/janeotiniano.com\/wp-content\/uploads\/2020\/01\/19-1024x1024.jpg\" alt=\"\" data-id=\"45\" data-link=\"http:\/\/janeotiniano.com\/19\/\" class=\"wp-image-45\"\/><\/a><\/figure><\/li><li class=\"blocks-gallery-item\"><figure><a href=\"https:\/\/janeotiniano.com\/vivienda-ruiz\/attachment\/casa-de-pareja-modelo-001\/\"><img loading=\"lazy\" decoding=\"async\" width=\"909\" height=\"1024\" src=\"https:\/\/janeotiniano.com\/wp-content\/uploads\/2020\/02\/casa-de-pareja-Modelo-001-909x1024.jpg\" alt=\"\" data-id=\"216\" data-full-url=\"https:\/\/janeotiniano.com\/wp-content\/uploads\/2020\/02\/casa-de-pareja-Modelo-001-scaled.jpg\" data-link=\"https:\/\/janeotiniano.com\/vivienda-ruiz\/attachment\/casa-de-pareja-modelo-001\/\" class=\"wp-image-216\" srcset=\"https:\/\/janeoti.com\/wp-content\/uploads\/2020\/02\/casa-de-pareja-Modelo-001-909x1024.jpg 909w, https:\/\/janeoti.com\/wp-content\/uploads\/2020\/02\/casa-de-pareja-Modelo-001-266x300.jpg 266w, https:\/\/janeoti.com\/wp-content\/uploads\/2020\/02\/casa-de-pareja-Modelo-001-768x866.jpg 768w, https:\/\/janeoti.com\/wp-content\/uploads\/2020\/02\/casa-de-pareja-Modelo-001-1363x1536.jpg 1363w, https:\/\/janeoti.com\/wp-content\/uploads\/2020\/02\/casa-de-pareja-Modelo-001-1817x2048.jpg 1817w\" sizes=\"auto, (max-width: 909px) 100vw, 909px\" \/><\/a><\/figure><\/li><\/ul><\/figure>\n\n\n\n<div class=\"wp-block-button\"><a class=\"wp-block-button__link has-background\" href=\"http:\/\/janeotiniano.com\/portafolio-de-proyectos\/\" style=\"background-color:#0f7784\">Ver otros proyectos &#8230;<\/a><\/div>\n","protected":false},"excerpt":{"rendered":"<p>Dise\u00f1o arquitect\u00f3nico de vivienda Ruiz, Las Dunas, Lambayeque, Per\u00fa FICHA T\u00c9CNICA Dise\u00f1o arquitect\u00f3nico: Jane Otiniano A\u00f1o: 2019 \u00c1rea: 108 m2 Cliente: Familia Ruiz Descripci\u00f3n del proyecto Relaci\u00f3n de ambientes Primer piso, departamento 1 1\/2 SS.HH. Sala comedor Cocina Lavander\u00eda Dormitorio Dormitorio con SS.HH. Patio posterior. Segundo piso, mini departamento 2 + dormitorios independientes Sala comedor [&hellip;]<\/p>\n","protected":false},"author":1,"featured_media":0,"parent":0,"menu_order":0,"comment_status":"closed","ping_status":"closed","template":"","meta":{"om_disable_all_campaigns":false,"_monsterinsights_skip_tracking":false,"_monsterinsights_sitenote_active":false,"_monsterinsights_sitenote_note":"","_monsterinsights_sitenote_category":0,"footnotes":""},"class_list":["post-143","page","type-page","status-publish","hentry"],"_links":{"self":[{"href":"https:\/\/janeoti.com\/index.php?rest_route=\/wp\/v2\/pages\/143","targetHints":{"allow":["GET"]}}],"collection":[{"href":"https:\/\/janeoti.com\/index.php?rest_route=\/wp\/v2\/pages"}],"about":[{"href":"https:\/\/janeoti.com\/index.php?rest_route=\/wp\/v2\/types\/page"}],"author":[{"embeddable":true,"href":"https:\/\/janeoti.com\/index.php?rest_route=\/wp\/v2\/users\/1"}],"replies":[{"embeddable":true,"href":"https:\/\/janeoti.com\/index.php?rest_route=%2Fwp%2Fv2%2Fcomments&post=143"}],"version-history":[{"count":2,"href":"https:\/\/janeoti.com\/index.php?rest_route=\/wp\/v2\/pages\/143\/revisions"}],"predecessor-version":[{"id":217,"href":"https:\/\/janeoti.com\/index.php?rest_route=\/wp\/v2\/pages\/143\/revisions\/217"}],"wp:attachment":[{"href":"https:\/\/janeoti.com\/index.php?rest_route=%2Fwp%2Fv2%2Fmedia&parent=143"}],"curies":[{"name":"wp","href":"https:\/\/api.w.org\/{rel}","templated":true}]}}