{"id":138,"date":"2020-01-22T23:10:54","date_gmt":"2020-01-22T23:10:54","guid":{"rendered":"http:\/\/janeotiniano.com\/?page_id=138"},"modified":"2020-02-12T15:50:21","modified_gmt":"2020-02-12T15:50:21","slug":"vivienda-z","status":"publish","type":"page","link":"https:\/\/janeoti.com\/?page_id=138","title":{"rendered":"Vivienda Z"},"content":{"rendered":"\n<p class=\"has-medium-font-size\"><strong>Dise\u00f1o arquitect\u00f3nico de Vivienda &#8220;Z&#8221; en los Altos de Moche, La Libertad, Per\u00fa<\/strong><\/p>\n\n\n\n<div class=\"wp-block-media-text alignwide\"><figure class=\"wp-block-media-text__media\"><img decoding=\"async\" src=\"http:\/\/janeotiniano.com\/wp-content\/uploads\/2020\/01\/16.jpg\" alt=\"\" class=\"wp-image-36\"\/><\/figure><div class=\"wp-block-media-text__content\">\n<p class=\"has-medium-font-size\"><strong>FICHA T\u00c9CNICA<\/strong><\/p>\n\n\n\n<p><strong>Dise\u00f1o arquitect\u00f3nico:<\/strong> Jane Otiniano<\/p>\n\n\n\n<p><strong>A\u00f1o:<\/strong> 2018<\/p>\n\n\n\n<p><strong>\u00c1rea: <\/strong>142.5 m2<\/p>\n\n\n\n<p><strong>Cliente: <\/strong>H &amp; M Contratistas<\/p>\n<\/div><\/div>\n\n\n\n<figure class=\"wp-block-image size-large\"><img loading=\"lazy\" decoding=\"async\" width=\"1024\" height=\"1024\" src=\"http:\/\/janeotiniano.com\/wp-content\/uploads\/2020\/01\/25-1024x1024.jpg\" alt=\"\" class=\"wp-image-140\" srcset=\"https:\/\/janeoti.com\/wp-content\/uploads\/2020\/01\/25-1024x1024.jpg 1024w, https:\/\/janeoti.com\/wp-content\/uploads\/2020\/01\/25-300x300.jpg 300w, https:\/\/janeoti.com\/wp-content\/uploads\/2020\/01\/25-150x150.jpg 150w, https:\/\/janeoti.com\/wp-content\/uploads\/2020\/01\/25-768x768.jpg 768w, https:\/\/janeoti.com\/wp-content\/uploads\/2020\/01\/25-70x70.jpg 70w, https:\/\/janeoti.com\/wp-content\/uploads\/2020\/01\/25-127x127.jpg 127w, https:\/\/janeoti.com\/wp-content\/uploads\/2020\/01\/25-476x476.jpg 476w, https:\/\/janeoti.com\/wp-content\/uploads\/2020\/01\/25-125x125.jpg 125w, https:\/\/janeoti.com\/wp-content\/uploads\/2020\/01\/25.jpg 1080w\" sizes=\"auto, (max-width: 1024px) 100vw, 1024px\" \/><\/figure>\n\n\n\n<p class=\"has-medium-font-size\"><strong><em>Descripci\u00f3n del proyecto<\/em><\/strong><\/p>\n\n\n\n<p>Este proyecto dise\u00f1ado para una familia joven, cuenta con amplios y modernos ambientes. En el primer piso la zona social tiene dos amplias terrazas que ventilan e iluminan la sala, cocina, comedor y bar, adem\u00e1s e contar con jardines verticales que regulan la temperatura del ambiente y mejoran la calidad del aire, todo de manera natural. <\/p>\n\n\n\n<p>El segundo piso, la zona intima de la casa se divide en tres amplias habitaciones, una habitaci\u00f3n principal con SS.HH., dos dormitorios simples, un peque\u00f1o estudio para poder trabajar, y una sala de TV. <\/p>\n\n\n\n<p class=\"has-medium-font-size\"><strong><em>Dise\u00f1o de interiores de vivienda &#8220;z&#8221;<\/em><\/strong><\/p>\n\n\n\n<div class=\"wp-block-button\"><a class=\"wp-block-button__link has-background\" href=\"http:\/\/janeotiniano.com\/diseno-de-interiores-vivienda-z\/\" style=\"background-color:#0f7784\">Ver el dise\u00f1o de interiores<\/a><\/div>\n\n\n\n<p class=\"has-medium-font-size\"><strong><em>Galer\u00eda de im\u00e1genes<\/em><\/strong><\/p>\n\n\n\n<figure class=\"wp-block-gallery columns-3 is-cropped wp-block-gallery-1 is-layout-flex wp-block-gallery-is-layout-flex\"><ul class=\"blocks-gallery-grid\"><li class=\"blocks-gallery-item\"><figure><a href=\"http:\/\/janeotiniano.com\/wp-content\/uploads\/2020\/01\/25.jpg\"><img loading=\"lazy\" decoding=\"async\" width=\"1024\" height=\"1024\" src=\"http:\/\/janeotiniano.com\/wp-content\/uploads\/2020\/01\/25-1024x1024.jpg\" alt=\"\" data-id=\"140\" data-full-url=\"http:\/\/janeotiniano.com\/wp-content\/uploads\/2020\/01\/25.jpg\" data-link=\"http:\/\/janeotiniano.com\/?attachment_id=140\" class=\"wp-image-140\" srcset=\"https:\/\/janeoti.com\/wp-content\/uploads\/2020\/01\/25-1024x1024.jpg 1024w, https:\/\/janeoti.com\/wp-content\/uploads\/2020\/01\/25-300x300.jpg 300w, https:\/\/janeoti.com\/wp-content\/uploads\/2020\/01\/25-150x150.jpg 150w, https:\/\/janeoti.com\/wp-content\/uploads\/2020\/01\/25-768x768.jpg 768w, https:\/\/janeoti.com\/wp-content\/uploads\/2020\/01\/25-70x70.jpg 70w, https:\/\/janeoti.com\/wp-content\/uploads\/2020\/01\/25-127x127.jpg 127w, https:\/\/janeoti.com\/wp-content\/uploads\/2020\/01\/25-476x476.jpg 476w, https:\/\/janeoti.com\/wp-content\/uploads\/2020\/01\/25-125x125.jpg 125w, https:\/\/janeoti.com\/wp-content\/uploads\/2020\/01\/25.jpg 1080w\" sizes=\"auto, (max-width: 1024px) 100vw, 1024px\" \/><\/a><\/figure><\/li><li class=\"blocks-gallery-item\"><figure><a href=\"http:\/\/janeotiniano.com\/wp-content\/uploads\/2020\/01\/23.jpg\"><img loading=\"lazy\" decoding=\"async\" width=\"1024\" height=\"1024\" src=\"http:\/\/janeotiniano.com\/wp-content\/uploads\/2020\/01\/23-1024x1024.jpg\" alt=\"\" data-id=\"139\" data-full-url=\"http:\/\/janeotiniano.com\/wp-content\/uploads\/2020\/01\/23.jpg\" data-link=\"http:\/\/janeotiniano.com\/?attachment_id=139\" class=\"wp-image-139\" srcset=\"https:\/\/janeoti.com\/wp-content\/uploads\/2020\/01\/23-1024x1024.jpg 1024w, https:\/\/janeoti.com\/wp-content\/uploads\/2020\/01\/23-300x300.jpg 300w, https:\/\/janeoti.com\/wp-content\/uploads\/2020\/01\/23-150x150.jpg 150w, https:\/\/janeoti.com\/wp-content\/uploads\/2020\/01\/23-768x768.jpg 768w, https:\/\/janeoti.com\/wp-content\/uploads\/2020\/01\/23-70x70.jpg 70w, https:\/\/janeoti.com\/wp-content\/uploads\/2020\/01\/23-127x127.jpg 127w, https:\/\/janeoti.com\/wp-content\/uploads\/2020\/01\/23-476x476.jpg 476w, https:\/\/janeoti.com\/wp-content\/uploads\/2020\/01\/23-125x125.jpg 125w, https:\/\/janeoti.com\/wp-content\/uploads\/2020\/01\/23.jpg 1080w\" sizes=\"auto, (max-width: 1024px) 100vw, 1024px\" \/><\/a><\/figure><\/li><li class=\"blocks-gallery-item\"><figure><a href=\"http:\/\/janeotiniano.com\/wp-content\/uploads\/2020\/01\/24.jpg\"><img decoding=\"async\" src=\"http:\/\/janeotiniano.com\/wp-content\/uploads\/2020\/01\/24-1024x1024.jpg\" alt=\"\" data-id=\"46\" data-full-url=\"http:\/\/janeotiniano.com\/wp-content\/uploads\/2020\/01\/24.jpg\" data-link=\"http:\/\/janeotiniano.com\/24\/\" class=\"wp-image-46\"\/><\/a><\/figure><\/li><li class=\"blocks-gallery-item\"><figure><a href=\"http:\/\/janeotiniano.com\/wp-content\/uploads\/2020\/01\/26.jpg\"><img loading=\"lazy\" decoding=\"async\" width=\"1024\" height=\"1024\" src=\"http:\/\/janeotiniano.com\/wp-content\/uploads\/2020\/01\/26-1024x1024.jpg\" alt=\"\" data-id=\"141\" data-full-url=\"http:\/\/janeotiniano.com\/wp-content\/uploads\/2020\/01\/26.jpg\" data-link=\"http:\/\/janeotiniano.com\/?attachment_id=141\" class=\"wp-image-141\" srcset=\"https:\/\/janeoti.com\/wp-content\/uploads\/2020\/01\/26-1024x1024.jpg 1024w, https:\/\/janeoti.com\/wp-content\/uploads\/2020\/01\/26-300x300.jpg 300w, https:\/\/janeoti.com\/wp-content\/uploads\/2020\/01\/26-150x150.jpg 150w, https:\/\/janeoti.com\/wp-content\/uploads\/2020\/01\/26-768x768.jpg 768w, https:\/\/janeoti.com\/wp-content\/uploads\/2020\/01\/26-70x70.jpg 70w, https:\/\/janeoti.com\/wp-content\/uploads\/2020\/01\/26-127x127.jpg 127w, https:\/\/janeoti.com\/wp-content\/uploads\/2020\/01\/26-476x476.jpg 476w, https:\/\/janeoti.com\/wp-content\/uploads\/2020\/01\/26-125x125.jpg 125w, https:\/\/janeoti.com\/wp-content\/uploads\/2020\/01\/26.jpg 1080w\" sizes=\"auto, (max-width: 1024px) 100vw, 1024px\" \/><\/a><\/figure><\/li><\/ul><\/figure>\n\n\n\n<div class=\"wp-block-button\"><a class=\"wp-block-button__link has-background\" href=\"http:\/\/janeotiniano.com\/portafolio-de-proyectos\/\" style=\"background-color:#0f7784\">Ver otros proyectos &#8230;<\/a><\/div>\n\n\n\n<p><\/p>\n","protected":false},"excerpt":{"rendered":"<p>Dise\u00f1o arquitect\u00f3nico de Vivienda &#8220;Z&#8221; en los Altos de Moche, La Libertad, Per\u00fa FICHA T\u00c9CNICA Dise\u00f1o arquitect\u00f3nico: Jane Otiniano A\u00f1o: 2018 \u00c1rea: 142.5 m2 Cliente: H &amp; M Contratistas Descripci\u00f3n del proyecto Este proyecto dise\u00f1ado para una familia joven, cuenta con amplios y modernos ambientes. En el primer piso la zona social tiene dos amplias [&hellip;]<\/p>\n","protected":false},"author":1,"featured_media":0,"parent":0,"menu_order":0,"comment_status":"closed","ping_status":"closed","template":"page-templates\/no-sidebar.php","meta":{"om_disable_all_campaigns":false,"_monsterinsights_skip_tracking":false,"_monsterinsights_sitenote_active":false,"_monsterinsights_sitenote_note":"","_monsterinsights_sitenote_category":0,"footnotes":""},"class_list":["post-138","page","type-page","status-publish","hentry"],"_links":{"self":[{"href":"https:\/\/janeoti.com\/index.php?rest_route=\/wp\/v2\/pages\/138","targetHints":{"allow":["GET"]}}],"collection":[{"href":"https:\/\/janeoti.com\/index.php?rest_route=\/wp\/v2\/pages"}],"about":[{"href":"https:\/\/janeoti.com\/index.php?rest_route=\/wp\/v2\/types\/page"}],"author":[{"embeddable":true,"href":"https:\/\/janeoti.com\/index.php?rest_route=\/wp\/v2\/users\/1"}],"replies":[{"embeddable":true,"href":"https:\/\/janeoti.com\/index.php?rest_route=%2Fwp%2Fv2%2Fcomments&post=138"}],"version-history":[{"count":2,"href":"https:\/\/janeoti.com\/index.php?rest_route=\/wp\/v2\/pages\/138\/revisions"}],"predecessor-version":[{"id":210,"href":"https:\/\/janeoti.com\/index.php?rest_route=\/wp\/v2\/pages\/138\/revisions\/210"}],"wp:attachment":[{"href":"https:\/\/janeoti.com\/index.php?rest_route=%2Fwp%2Fv2%2Fmedia&parent=138"}],"curies":[{"name":"wp","href":"https:\/\/api.w.org\/{rel}","templated":true}]}}